{"id":3416,"date":"2024-03-22T17:42:38","date_gmt":"2024-03-22T16:42:38","guid":{"rendered":"https:\/\/www.mloc1080.be\/wp\/?page_id=3416"},"modified":"2025-03-27T17:01:24","modified_gmt":"2025-03-27T16:01:24","slug":"projet-mokolab","status":"publish","type":"page","link":"https:\/\/www.mloc1080.be\/wp\/projet-mokolab\/","title":{"rendered":"Projet \u00ab\u00a0MoKoLab\u00a0\u00bb"},"content":{"rendered":"\t\t<div data-elementor-type=\"wp-page\" data-elementor-id=\"3416\" class=\"elementor elementor-3416\" data-elementor-post-type=\"page\">\n\t\t\t\t\t\t<section class=\"elementor-section elementor-top-section elementor-element elementor-element-e75a92c elementor-section-boxed elementor-section-height-default elementor-section-height-default wpr-particle-no wpr-jarallax-no wpr-parallax-no wpr-sticky-section-no wpr-equal-height-no\" data-id=\"e75a92c\" data-element_type=\"section\" data-e-type=\"section\">\n\t\t\t\t\t\t<div class=\"elementor-container elementor-column-gap-default\">\n\t\t\t\t\t<div class=\"elementor-column elementor-col-100 elementor-top-column elementor-element elementor-element-0930b86\" data-id=\"0930b86\" data-element_type=\"column\" data-e-type=\"column\">\n\t\t\t<div class=\"elementor-widget-wrap elementor-element-populated\">\n\t\t\t\t\t\t<div class=\"elementor-element elementor-element-cf83ae1 elementor-widget elementor-widget-image\" data-id=\"cf83ae1\" data-element_type=\"widget\" data-e-type=\"widget\" data-widget_type=\"image.default\">\n\t\t\t\t<div class=\"elementor-widget-container\">\n\t\t\t\t\t\t\t\t\t\t\t\t\t\t\t<img fetchpriority=\"high\" decoding=\"async\" width=\"824\" height=\"134\" src=\"https:\/\/www.mloc1080.be\/wp\/wp-content\/uploads\/2025\/01\/Fichier-2.png\" class=\"attachment-large size-large wp-image-3836\" alt=\"\" srcset=\"https:\/\/www.mloc1080.be\/wp\/wp-content\/uploads\/2025\/01\/Fichier-2.png 824w, https:\/\/www.mloc1080.be\/wp\/wp-content\/uploads\/2025\/01\/Fichier-2-300x49.png 300w, https:\/\/www.mloc1080.be\/wp\/wp-content\/uploads\/2025\/01\/Fichier-2-768x125.png 768w\" sizes=\"(max-width: 824px) 100vw, 824px\" \/>\t\t\t\t\t\t\t\t\t\t\t\t\t\t\t<\/div>\n\t\t\t\t<\/div>\n\t\t\t\t<div class=\"elementor-element elementor-element-3333bc4 elementor-widget elementor-widget-spacer\" data-id=\"3333bc4\" data-element_type=\"widget\" data-e-type=\"widget\" data-widget_type=\"spacer.default\">\n\t\t\t\t<div class=\"elementor-widget-container\">\n\t\t\t\t\t\t\t<div class=\"elementor-spacer\">\n\t\t\t<div class=\"elementor-spacer-inner\"><\/div>\n\t\t<\/div>\n\t\t\t\t\t\t<\/div>\n\t\t\t\t<\/div>\n\t\t\t\t\t<\/div>\n\t\t<\/div>\n\t\t\t\t\t<\/div>\n\t\t<\/section>\n\t\t\t\t<section class=\"elementor-section elementor-top-section elementor-element elementor-element-2568bcb elementor-section-boxed elementor-section-height-default elementor-section-height-default wpr-particle-no wpr-jarallax-no wpr-parallax-no wpr-sticky-section-no wpr-equal-height-no\" data-id=\"2568bcb\" data-element_type=\"section\" data-e-type=\"section\">\n\t\t\t\t\t\t<div class=\"elementor-container elementor-column-gap-default\">\n\t\t\t\t\t<div class=\"elementor-column elementor-col-100 elementor-top-column elementor-element elementor-element-01b2e88\" data-id=\"01b2e88\" data-element_type=\"column\" data-e-type=\"column\">\n\t\t\t<div class=\"elementor-widget-wrap elementor-element-populated\">\n\t\t\t\t\t\t<div class=\"elementor-element elementor-element-99fc11a elementor-widget elementor-widget-heading\" data-id=\"99fc11a\" data-element_type=\"widget\" data-e-type=\"widget\" data-widget_type=\"heading.default\">\n\t\t\t\t<div class=\"elementor-widget-container\">\n\t\t\t\t\t<h2 class=\"elementor-heading-title elementor-size-default\">Contrat de r\u00e9novation urbaine n\u00b06 \n\u00ab Autour de Simonis \u00bb : axe <br>\u00ab chercheur d\u2019emploi \u00bb<\/h2>\t\t\t\t<\/div>\n\t\t\t\t<\/div>\n\t\t\t\t<div class=\"elementor-element elementor-element-a0d6a96 elementor-widget elementor-widget-text-editor\" data-id=\"a0d6a96\" data-element_type=\"widget\" data-e-type=\"widget\" data-widget_type=\"text-editor.default\">\n\t\t\t\t<div class=\"elementor-widget-container\">\n\t\t\t\t\t\t\t\t\t<p>Dans le cadre du CRU n\u00b06, la Mission Locale de Molenbeek et le Service Emploi de Koekelberg, avec le soutien conjoint des autorit\u00e9s communales, d\u00e9ploient depuis 2023 le projet \u00ab&nbsp;MoKoLab&nbsp;\u00bb, qui vise \u00e0 d\u00e9finir et \u00e0 exp\u00e9rimenter un m\u00e9canisme soutenant&nbsp;<span style=\"color: var( --e-global-color-text ); letter-spacing: 0px;\">le retour \u00e0 l\u2019emploi des personnes qui en sont durablement \u00e9loign\u00e9es. Nous avons jusqu\u2019\u00e0 fin 2025 pour proposer et exp\u00e9rimenter des actions facilitant ce retour \u00e0 l\u2019emploi, en vue de p\u00e9renniser ensuite le dispositif sur le territoire.<\/span><\/p>\t\t\t\t\t\t\t\t<\/div>\n\t\t\t\t<\/div>\n\t\t\t\t\t<\/div>\n\t\t<\/div>\n\t\t\t\t\t<\/div>\n\t\t<\/section>\n\t\t\t\t<section class=\"elementor-section elementor-top-section elementor-element elementor-element-14c1b67 elementor-section-boxed elementor-section-height-default elementor-section-height-default wpr-particle-no wpr-jarallax-no wpr-parallax-no wpr-sticky-section-no wpr-equal-height-no\" data-id=\"14c1b67\" data-element_type=\"section\" data-e-type=\"section\" data-settings=\"{&quot;background_background&quot;:&quot;classic&quot;,&quot;background_motion_fx_motion_fx_scrolling&quot;:&quot;yes&quot;,&quot;background_motion_fx_translateX_effect&quot;:&quot;yes&quot;,&quot;background_motion_fx_translateX_speed&quot;:{&quot;unit&quot;:&quot;px&quot;,&quot;size&quot;:4,&quot;sizes&quot;:[]},&quot;background_motion_fx_translateX_affectedRange&quot;:{&quot;unit&quot;:&quot;%&quot;,&quot;size&quot;:&quot;&quot;,&quot;sizes&quot;:{&quot;start&quot;:0,&quot;end&quot;:100}},&quot;background_motion_fx_devices&quot;:[&quot;desktop&quot;,&quot;tablet&quot;,&quot;mobile&quot;]}\">\n\t\t\t\t\t\t<div class=\"elementor-container elementor-column-gap-default\">\n\t\t\t\t\t<div class=\"elementor-column elementor-col-50 elementor-top-column elementor-element elementor-element-41b9faf\" data-id=\"41b9faf\" data-element_type=\"column\" data-e-type=\"column\">\n\t\t\t<div class=\"elementor-widget-wrap elementor-element-populated\">\n\t\t\t\t\t\t<div class=\"elementor-element elementor-element-eeabdb9 elementor-widget elementor-widget-text-editor\" data-id=\"eeabdb9\" data-element_type=\"widget\" data-e-type=\"widget\" data-widget_type=\"text-editor.default\">\n\t\t\t\t<div class=\"elementor-widget-container\">\n\t\t\t\t\t\t\t\t\t<div style=\"position: relative; width: 100%; height: 0; padding-top: 177.7778%; padding-bottom: 0; box-shadow: 0 2px 8px 0 rgba(63,69,81,0.16); margin-top: 1.6em; margin-bottom: 0.9em; overflow: hidden; border-radius: 8px; will-change: transform;\"><br \/><iframe style=\"position: absolute; width: 100%; height: 100%; top: 0; left: 0; border: none; padding: 0; margin: 0;\" src=\"https:\/\/www.canva.com\/design\/DAGDyT6T5hA\/uVI8x06YBDnNizjXhZe1ag\/watch?embed\" allowfullscreen=\"allowfullscreen\"><br \/>  <\/iframe><\/div>\t\t\t\t\t\t\t\t<\/div>\n\t\t\t\t<\/div>\n\t\t\t\t\t<\/div>\n\t\t<\/div>\n\t\t\t\t<div class=\"elementor-column elementor-col-50 elementor-top-column elementor-element elementor-element-4054367\" data-id=\"4054367\" data-element_type=\"column\" data-e-type=\"column\">\n\t\t\t<div class=\"elementor-widget-wrap elementor-element-populated\">\n\t\t\t\t\t\t<div class=\"elementor-element elementor-element-3763b89 elementor-widget elementor-widget-text-editor\" data-id=\"3763b89\" data-element_type=\"widget\" data-e-type=\"widget\" data-widget_type=\"text-editor.default\">\n\t\t\t\t<div class=\"elementor-widget-container\">\n\t\t\t\t\t\t\t\t\t<div style=\"position: relative; width: 100%; height: 0; padding-top: 56.2500%; padding-bottom: 0; box-shadow: 0 2px 8px 0 rgba(63,69,81,0.16); margin-top: 1.6em; margin-bottom: 0.9em; overflow: hidden; border-radius: 8px; will-change: transform;\"><iframe style=\"position: absolute; width: 100%; height: 100%; top: 0; left: 0; border: none; padding: 0; margin: 0;\" src=\"https:\/\/www.canva.com\/design\/DAGbswZ8Ujs\/WWjfOiMQwLyTf4mqusyO6g\/view?embed\" allowfullscreen=\"allowfullscreen\"><br \/>\n  <\/iframe><\/div><p>\u00a0<\/p>\t\t\t\t\t\t\t\t<\/div>\n\t\t\t\t<\/div>\n\t\t\t\t\t<\/div>\n\t\t<\/div>\n\t\t\t\t\t<\/div>\n\t\t<\/section>\n\t\t\t\t<section class=\"elementor-section elementor-top-section elementor-element elementor-element-fe51f7d elementor-section-boxed elementor-section-height-default elementor-section-height-default wpr-particle-no wpr-jarallax-no wpr-parallax-no wpr-sticky-section-no wpr-equal-height-no\" data-id=\"fe51f7d\" data-element_type=\"section\" data-e-type=\"section\">\n\t\t\t\t\t\t<div class=\"elementor-container elementor-column-gap-default\">\n\t\t\t\t\t<div class=\"elementor-column elementor-col-100 elementor-top-column elementor-element elementor-element-21930bf\" data-id=\"21930bf\" data-element_type=\"column\" data-e-type=\"column\">\n\t\t\t<div class=\"elementor-widget-wrap elementor-element-populated\">\n\t\t\t\t\t\t<div class=\"elementor-element elementor-element-64b255b elementor-widget elementor-widget-heading\" data-id=\"64b255b\" data-element_type=\"widget\" data-e-type=\"widget\" data-widget_type=\"heading.default\">\n\t\t\t\t<div class=\"elementor-widget-container\">\n\t\t\t\t\t<h2 class=\"elementor-heading-title elementor-size-default\">Quelle m\u00e9thode ? <\/h2>\t\t\t\t<\/div>\n\t\t\t\t<\/div>\n\t\t\t\t<div class=\"elementor-element elementor-element-8de5d53 elementor-widget elementor-widget-text-editor\" data-id=\"8de5d53\" data-element_type=\"widget\" data-e-type=\"widget\" data-widget_type=\"text-editor.default\">\n\t\t\t\t<div class=\"elementor-widget-container\">\n\t\t\t\t\t\t\t\t\t<p>Apr\u00e8s avoir analys\u00e9 les besoins, en concertation avec les acteurs locaux et plusieurs groupes de chercheurs d\u2019emploi, nous avons d\u00e9gag\u00e9 4 axes prioritaires de travail pour notre futur m\u00e9canisme : l\u2019ouverture d\u2019un lieu multi-services, le d\u00e9ploiement de services en sant\u00e9 mentale, la cr\u00e9ation de passerelles avec les employeurs, et le d\u00e9veloppement de solutions pour la garde des enfants. Ces services de soutien \u00e0 la recherche d\u2019emploi ont vocation \u00e0 s\u2019articuler avec des opportunit\u00e9s concr\u00e8tes de retour \u00e0 l\u2019emploi, gr\u00e2ce \u00e0 des activit\u00e9s utiles pour le territoire.<\/p>\t\t\t\t\t\t\t\t<\/div>\n\t\t\t\t<\/div>\n\t\t\t\t<div class=\"elementor-element elementor-element-8e26457 elementor-widget__width-initial elementor-widget elementor-widget-text-editor\" data-id=\"8e26457\" data-element_type=\"widget\" data-e-type=\"widget\" data-widget_type=\"text-editor.default\">\n\t\t\t\t<div class=\"elementor-widget-container\">\n\t\t\t\t\t\t\t\t\t<div style=\"position: relative; width: 100%; height: 0; padding-top: 70.7071%; padding-bottom: 0; box-shadow: 0 2px 8px 0 rgba(63,69,81,0.16); margin-top: 1.6em; margin-bottom: 0.9em; overflow: hidden; border-radius: 8px; will-change: transform;\"><iframe style=\"position: absolute; width: 100%; height: 100%; top: 0; left: 0; border: none; padding: 0; margin: 0;\" src=\"https:\/\/www.canva.com\/design\/DAGW7TuK28w\/_-Hu6_XRKfa4cs9oxPwVxw\/view?embed\" allowfullscreen=\"allowfullscreen\"><br \/>  <\/iframe><\/div>\t\t\t\t\t\t\t\t<\/div>\n\t\t\t\t<\/div>\n\t\t\t\t\t<\/div>\n\t\t<\/div>\n\t\t\t\t\t<\/div>\n\t\t<\/section>\n\t\t\t\t<section class=\"elementor-section elementor-top-section elementor-element elementor-element-457a699 elementor-section-boxed elementor-section-height-default elementor-section-height-default wpr-particle-no wpr-jarallax-no wpr-parallax-no wpr-sticky-section-no wpr-equal-height-no\" data-id=\"457a699\" data-element_type=\"section\" data-e-type=\"section\">\n\t\t\t\t\t\t<div class=\"elementor-container elementor-column-gap-default\">\n\t\t\t\t\t<div class=\"elementor-column elementor-col-100 elementor-top-column elementor-element elementor-element-26e03f2\" data-id=\"26e03f2\" data-element_type=\"column\" data-e-type=\"column\">\n\t\t\t<div class=\"elementor-widget-wrap elementor-element-populated\">\n\t\t\t\t\t\t<div class=\"elementor-element elementor-element-6b7b00a elementor-widget elementor-widget-heading\" data-id=\"6b7b00a\" data-element_type=\"widget\" data-e-type=\"widget\" data-widget_type=\"heading.default\">\n\t\t\t\t<div class=\"elementor-widget-container\">\n\t\t\t\t\t<h2 class=\"elementor-heading-title elementor-size-default\">O\u00f9 en est le projet ?<\/h2>\t\t\t\t<\/div>\n\t\t\t\t<\/div>\n\t\t\t\t<div class=\"elementor-element elementor-element-06ac528 elementor-widget elementor-widget-text-editor\" data-id=\"06ac528\" data-element_type=\"widget\" data-e-type=\"widget\" data-widget_type=\"text-editor.default\">\n\t\t\t\t<div class=\"elementor-widget-container\">\n\t\t\t\t\t\t\t\t\t<p>Afin d\u2019affiner nos hypoth\u00e8ses et de poser des bases solides pour notre futur m\u00e9canisme, nous avons d\u00e9j\u00e0 commenc\u00e9 \u00e0 d\u00e9ployer des activit\u00e9s :<\/p><ul><li>Ateliers d\u2019information autour de l\u2019emploi, pour le public d\u2019ASBL hors de l\u2019ISP ;<\/li><li>Lancement d\u2019un r\u00e9seau local intersectoriel, autour des questions d\u2019acc\u00e8s \u00e0 l\u2019emploi : MoKoLab se veut \u00eatre \u00e9galement un soutien pour les acteurs existants, en plus de faire \u00e9merger de nouveaux services pour le public. N\u2019h\u00e9sitez pas \u00e0 nous \u00e9crire pour en savoir davantage et rejoindre le r\u00e9seau !<ul><li style=\"list-style-type: none;\"><ul><li>La premi\u00e8re rencontre a eu lieu le 04\/12\/2024, avec pour th\u00e8me \u00ab\u00a0comment mieux se conna\u00eetre entre acteurs locaux ?\u00a0\u00bb. <a href=\"https:\/\/www.canva.com\/design\/DAGbsxUn1FU\/h6bNki7iVNmF8n5zskS33A\/view?utm_content=DAGbsxUn1FU&amp;utm_campaign=designshare&amp;utm_medium=link2&amp;utm_source=uniquelinks&amp;utlId=he24a32521d\" target=\"_blank\" rel=\"noopener\">Vous retrouverez ici le r\u00e9capitulatif de la 1\u00e8re rencontre<\/a>.<\/li><li>La deuxi\u00e8me rencontre a eu lieu le 12\/03\/2025, avec pour th\u00e8me \u00ab comment se connecter aux employeurs ? \u00bb. Vous trouverez ici le r\u00e9capitulatif de ces \u00e9changes et les pistes de solutions identifi\u00e9es.<a href=\"https:\/\/www.mloc1080.be\/wp\/wp-content\/uploads\/2025\/03\/250312_Reseau-MoKoLab-n\u00b02.pdf\" target=\"_blank\" rel=\"noopener\">Vous trouverez ici le r\u00e9capitulatif de ces \u00e9changes et les pistes de solutions identifi\u00e9es.\u00a0<\/a><\/li><\/ul><\/li><\/ul><\/li><\/ul><p>Nous continuons d\u2019affiner nos hypoth\u00e8ses finales au fil de ces tests et d\u2019autres \u00e0 venir\u00a0: contactez-nous si vous souhaitez en savoir davantage ou rejoindre l\u2019aventure\u00a0!<\/p>\t\t\t\t\t\t\t\t<\/div>\n\t\t\t\t<\/div>\n\t\t\t\t\t<\/div>\n\t\t<\/div>\n\t\t\t\t\t<\/div>\n\t\t<\/section>\n\t\t\t\t<section class=\"elementor-section elementor-top-section elementor-element elementor-element-d89dc48 elementor-section-boxed elementor-section-height-default elementor-section-height-default wpr-particle-no wpr-jarallax-no wpr-parallax-no wpr-sticky-section-no wpr-equal-height-no\" data-id=\"d89dc48\" data-element_type=\"section\" data-e-type=\"section\">\n\t\t\t\t\t\t<div class=\"elementor-container elementor-column-gap-default\">\n\t\t\t\t\t<div class=\"elementor-column elementor-col-50 elementor-top-column elementor-element elementor-element-235dca7\" data-id=\"235dca7\" data-element_type=\"column\" data-e-type=\"column\">\n\t\t\t<div class=\"elementor-widget-wrap elementor-element-populated\">\n\t\t\t\t\t\t<div class=\"elementor-element elementor-element-54c0787 elementor-widget__width-initial elementor-view-default elementor-widget elementor-widget-icon\" data-id=\"54c0787\" data-element_type=\"widget\" data-e-type=\"widget\" data-widget_type=\"icon.default\">\n\t\t\t\t<div class=\"elementor-widget-container\">\n\t\t\t\t\t\t\t<div class=\"elementor-icon-wrapper\">\n\t\t\t<div class=\"elementor-icon\">\n\t\t\t<i aria-hidden=\"true\" class=\"fas fa-phone-square\"><\/i>\t\t\t<\/div>\n\t\t<\/div>\n\t\t\t\t\t\t<\/div>\n\t\t\t\t<\/div>\n\t\t\t\t\t<\/div>\n\t\t<\/div>\n\t\t\t\t<div class=\"elementor-column elementor-col-50 elementor-top-column elementor-element elementor-element-5d2ea67\" data-id=\"5d2ea67\" data-element_type=\"column\" data-e-type=\"column\">\n\t\t\t<div class=\"elementor-widget-wrap elementor-element-populated\">\n\t\t\t\t\t\t<div class=\"elementor-element elementor-element-f99aa01 elementor-widget elementor-widget-text-editor\" data-id=\"f99aa01\" data-element_type=\"widget\" data-e-type=\"widget\" data-widget_type=\"text-editor.default\">\n\t\t\t\t<div class=\"elementor-widget-container\">\n\t\t\t\t\t\t\t\t\t<p><span style=\"color: var( --e-global-color-text ); letter-spacing: 0px;\">Anna Montagutelli, gestionnaire du projet MoKoLab : amontagutelli@mloc1080.be \/ +32 (0) 499 96 34 06<\/span><\/p>\t\t\t\t\t\t\t\t<\/div>\n\t\t\t\t<\/div>\n\t\t\t\t\t<\/div>\n\t\t<\/div>\n\t\t\t\t\t<\/div>\n\t\t<\/section>\n\t\t\t\t<section class=\"elementor-section elementor-top-section elementor-element elementor-element-969f317 elementor-section-boxed elementor-section-height-default elementor-section-height-default wpr-particle-no wpr-jarallax-no wpr-parallax-no wpr-sticky-section-no wpr-equal-height-no\" data-id=\"969f317\" data-element_type=\"section\" data-e-type=\"section\" data-settings=\"{&quot;background_background&quot;:&quot;classic&quot;}\">\n\t\t\t\t\t\t<div class=\"elementor-container elementor-column-gap-default\">\n\t\t\t\t\t<div class=\"elementor-column elementor-col-100 elementor-top-column elementor-element elementor-element-82cc15a\" data-id=\"82cc15a\" data-element_type=\"column\" data-e-type=\"column\">\n\t\t\t<div class=\"elementor-widget-wrap elementor-element-populated\">\n\t\t\t\t\t\t<div class=\"elementor-element elementor-element-8398fb2 elementor-widget elementor-widget-spacer\" data-id=\"8398fb2\" data-element_type=\"widget\" data-e-type=\"widget\" data-widget_type=\"spacer.default\">\n\t\t\t\t<div class=\"elementor-widget-container\">\n\t\t\t\t\t\t\t<div class=\"elementor-spacer\">\n\t\t\t<div class=\"elementor-spacer-inner\"><\/div>\n\t\t<\/div>\n\t\t\t\t\t\t<\/div>\n\t\t\t\t<\/div>\n\t\t\t\t<div class=\"elementor-element elementor-element-453d348 elementor-widget elementor-widget-text-editor\" data-id=\"453d348\" data-element_type=\"widget\" data-e-type=\"widget\" data-widget_type=\"text-editor.default\">\n\t\t\t\t<div class=\"elementor-widget-container\">\n\t\t\t\t\t\t\t\t\t<p style=\"text-align: center;\"><strong>La Mission Locale de Molenbeek est ouverte du lundi au vendredi de 08 h 30 \u00e0 12 h 30 et 13 h 30 \u00e0 16 h 30<\/strong><\/p>\t\t\t\t\t\t\t\t<\/div>\n\t\t\t\t<\/div>\n\t\t\t\t\t<\/div>\n\t\t<\/div>\n\t\t\t\t\t<\/div>\n\t\t<\/section>\n\t\t\t\t<section class=\"elementor-section elementor-top-section elementor-element elementor-element-6379e9f elementor-section-boxed elementor-section-height-default elementor-section-height-default wpr-particle-no wpr-jarallax-no wpr-parallax-no wpr-sticky-section-no wpr-equal-height-no\" data-id=\"6379e9f\" data-element_type=\"section\" data-e-type=\"section\" data-settings=\"{&quot;background_background&quot;:&quot;classic&quot;}\">\n\t\t\t\t\t\t<div class=\"elementor-container elementor-column-gap-default\">\n\t\t\t\t\t<div class=\"elementor-column elementor-col-25 elementor-top-column elementor-element elementor-element-8d4ece6\" data-id=\"8d4ece6\" data-element_type=\"column\" data-e-type=\"column\">\n\t\t\t<div class=\"elementor-widget-wrap elementor-element-populated\">\n\t\t\t\t\t\t<div class=\"elementor-element elementor-element-ab90ca8 elementor-position-inline-start elementor-view-default elementor-mobile-position-block-start elementor-invisible elementor-widget elementor-widget-icon-box\" data-id=\"ab90ca8\" data-element_type=\"widget\" data-e-type=\"widget\" data-settings=\"{&quot;_animation&quot;:&quot;zoomIn&quot;}\" data-widget_type=\"icon-box.default\">\n\t\t\t\t<div class=\"elementor-widget-container\">\n\t\t\t\t\t\t\t<div class=\"elementor-icon-box-wrapper\">\n\n\t\t\t\t\t\t<div class=\"elementor-icon-box-icon\">\n\t\t\t\t<span  class=\"elementor-icon\">\n\t\t\t\t<i aria-hidden=\"true\" class=\"fas fa-envelope\"><\/i>\t\t\t\t<\/span>\n\t\t\t<\/div>\n\t\t\t\n\t\t\t\t\t\t<div class=\"elementor-icon-box-content\">\n\n\t\t\t\t\t\t\t\t\t<h2 class=\"elementor-icon-box-title\">\n\t\t\t\t\t\t<span  >\n\t\t\t\t\t\t\tContactez-nous\t\t\t\t\t\t<\/span>\n\t\t\t\t\t<\/h2>\n\t\t\t\t\n\t\t\t\t\t\t\t\t\t<p class=\"elementor-icon-box-description\">\n\t\t\t\t\t\tinfo@mloc1080.be\t\t\t\t\t<\/p>\n\t\t\t\t\n\t\t\t<\/div>\n\t\t\t\n\t\t<\/div>\n\t\t\t\t\t\t<\/div>\n\t\t\t\t<\/div>\n\t\t\t\t\t<\/div>\n\t\t<\/div>\n\t\t\t\t<div class=\"elementor-column elementor-col-25 elementor-top-column elementor-element elementor-element-13b47a6\" data-id=\"13b47a6\" data-element_type=\"column\" data-e-type=\"column\">\n\t\t\t<div class=\"elementor-widget-wrap elementor-element-populated\">\n\t\t\t\t\t\t<div class=\"elementor-element elementor-element-7057a99 elementor-position-inline-start elementor-view-default elementor-mobile-position-block-start elementor-invisible elementor-widget elementor-widget-icon-box\" data-id=\"7057a99\" data-element_type=\"widget\" data-e-type=\"widget\" data-settings=\"{&quot;_animation&quot;:&quot;zoomIn&quot;}\" data-widget_type=\"icon-box.default\">\n\t\t\t\t<div class=\"elementor-widget-container\">\n\t\t\t\t\t\t\t<div class=\"elementor-icon-box-wrapper\">\n\n\t\t\t\t\t\t<div class=\"elementor-icon-box-icon\">\n\t\t\t\t<span  class=\"elementor-icon\">\n\t\t\t\t<i aria-hidden=\"true\" class=\"fas fa-phone-alt\"><\/i>\t\t\t\t<\/span>\n\t\t\t<\/div>\n\t\t\t\n\t\t\t\t\t\t<div class=\"elementor-icon-box-content\">\n\n\t\t\t\t\t\t\t\t\t<h3 class=\"elementor-icon-box-title\">\n\t\t\t\t\t\t<span  >\n\t\t\t\t\t\t\tAppelez-nous\t\t\t\t\t\t<\/span>\n\t\t\t\t\t<\/h3>\n\t\t\t\t\n\t\t\t\t\t\t\t\t\t<p class=\"elementor-icon-box-description\">\n\t\t\t\t\t\t+32 2 421 68 60\t\t\t\t\t<\/p>\n\t\t\t\t\n\t\t\t<\/div>\n\t\t\t\n\t\t<\/div>\n\t\t\t\t\t\t<\/div>\n\t\t\t\t<\/div>\n\t\t\t\t\t<\/div>\n\t\t<\/div>\n\t\t\t\t<div class=\"elementor-column elementor-col-25 elementor-top-column elementor-element elementor-element-5cc57a7\" data-id=\"5cc57a7\" data-element_type=\"column\" data-e-type=\"column\">\n\t\t\t<div class=\"elementor-widget-wrap elementor-element-populated\">\n\t\t\t\t\t\t<div class=\"elementor-element elementor-element-cb335bc elementor-position-inline-start elementor-widget__width-initial elementor-view-default elementor-mobile-position-block-start elementor-invisible elementor-widget elementor-widget-icon-box\" data-id=\"cb335bc\" data-element_type=\"widget\" data-e-type=\"widget\" data-settings=\"{&quot;_animation&quot;:&quot;zoomIn&quot;}\" data-widget_type=\"icon-box.default\">\n\t\t\t\t<div class=\"elementor-widget-container\">\n\t\t\t\t\t\t\t<div class=\"elementor-icon-box-wrapper\">\n\n\t\t\t\t\t\t<div class=\"elementor-icon-box-icon\">\n\t\t\t\t<span  class=\"elementor-icon\">\n\t\t\t\t<i aria-hidden=\"true\" class=\"fas fa-map-marker-alt\"><\/i>\t\t\t\t<\/span>\n\t\t\t<\/div>\n\t\t\t\n\t\t\t\t\t\t<div class=\"elementor-icon-box-content\">\n\n\t\t\t\t\t\t\t\t\t<h3 class=\"elementor-icon-box-title\">\n\t\t\t\t\t\t<span  >\n\t\t\t\t\t\t\tTrouvez-nous\t\t\t\t\t\t<\/span>\n\t\t\t\t\t<\/h3>\n\t\t\t\t\n\t\t\t\t\t\t\t\t\t<p class=\"elementor-icon-box-description\">\n\t\t\t\t\t\tBoulevard L\u00e9opold II, 101-103\n\n1080 Molenbeek-Saint-Jean\t\t\t\t\t<\/p>\n\t\t\t\t\n\t\t\t<\/div>\n\t\t\t\n\t\t<\/div>\n\t\t\t\t\t\t<\/div>\n\t\t\t\t<\/div>\n\t\t\t\t\t<\/div>\n\t\t<\/div>\n\t\t\t\t<div class=\"elementor-column elementor-col-25 elementor-top-column elementor-element elementor-element-0295192\" data-id=\"0295192\" data-element_type=\"column\" data-e-type=\"column\">\n\t\t\t<div class=\"elementor-widget-wrap elementor-element-populated\">\n\t\t\t\t\t\t<div class=\"elementor-element elementor-element-10a665b elementor-shape-rounded elementor-grid-0 e-grid-align-center elementor-widget elementor-widget-social-icons\" data-id=\"10a665b\" data-element_type=\"widget\" data-e-type=\"widget\" data-widget_type=\"social-icons.default\">\n\t\t\t\t<div class=\"elementor-widget-container\">\n\t\t\t\t\t\t\t<div class=\"elementor-social-icons-wrapper elementor-grid\" role=\"list\">\n\t\t\t\t\t\t\t<span class=\"elementor-grid-item\" role=\"listitem\">\n\t\t\t\t\t<a class=\"elementor-icon elementor-social-icon elementor-social-icon-facebook-f elementor-animation-grow elementor-repeater-item-2d0da0c\" href=\"https:\/\/www.facebook.com\/mloc1080?fref=ts\" target=\"_blank\">\n\t\t\t\t\t\t<span class=\"elementor-screen-only\">Facebook-f<\/span>\n\t\t\t\t\t\t<i aria-hidden=\"true\" class=\"fab fa-facebook-f\"><\/i>\t\t\t\t\t<\/a>\n\t\t\t\t<\/span>\n\t\t\t\t\t\t\t<span class=\"elementor-grid-item\" role=\"listitem\">\n\t\t\t\t\t<a class=\"elementor-icon elementor-social-icon elementor-social-icon-instagram elementor-animation-grow elementor-repeater-item-aeeac69\" href=\"https:\/\/www.instagram.com\/missionlocaledemolenbeek\/\" target=\"_blank\">\n\t\t\t\t\t\t<span class=\"elementor-screen-only\">Instagram<\/span>\n\t\t\t\t\t\t<i aria-hidden=\"true\" class=\"fab fa-instagram\"><\/i>\t\t\t\t\t<\/a>\n\t\t\t\t<\/span>\n\t\t\t\t\t\t\t<span class=\"elementor-grid-item\" role=\"listitem\">\n\t\t\t\t\t<a class=\"elementor-icon elementor-social-icon elementor-social-icon-linkedin elementor-animation-grow elementor-repeater-item-09aec0d\" href=\"https:\/\/www.linkedin.com\/company\/mission-locale-de-molenbeek-molenbeek-formation\/posts\/?feedView=all&#038;viewAsMember=true\" target=\"_blank\">\n\t\t\t\t\t\t<span class=\"elementor-screen-only\">Linkedin<\/span>\n\t\t\t\t\t\t<i aria-hidden=\"true\" class=\"fab fa-linkedin\"><\/i>\t\t\t\t\t<\/a>\n\t\t\t\t<\/span>\n\t\t\t\t\t<\/div>\n\t\t\t\t\t\t<\/div>\n\t\t\t\t<\/div>\n\t\t\t\t\t<\/div>\n\t\t<\/div>\n\t\t\t\t\t<\/div>\n\t\t<\/section>\n\t\t\t\t<section class=\"elementor-section elementor-top-section elementor-element elementor-element-24fee6b elementor-section-boxed elementor-section-height-default elementor-section-height-default wpr-particle-no wpr-jarallax-no wpr-parallax-no wpr-sticky-section-no wpr-equal-height-no\" data-id=\"24fee6b\" data-element_type=\"section\" data-e-type=\"section\">\n\t\t\t\t\t\t<div class=\"elementor-container elementor-column-gap-default\">\n\t\t\t\t\t<div class=\"elementor-column elementor-col-100 elementor-top-column elementor-element elementor-element-48cf31d\" data-id=\"48cf31d\" data-element_type=\"column\" data-e-type=\"column\">\n\t\t\t<div class=\"elementor-widget-wrap elementor-element-populated\">\n\t\t\t\t\t\t<div class=\"elementor-element elementor-element-e7d0256 elementor-widget elementor-widget-image\" data-id=\"e7d0256\" data-element_type=\"widget\" data-e-type=\"widget\" data-widget_type=\"image.default\">\n\t\t\t\t<div class=\"elementor-widget-container\">\n\t\t\t\t\t\t\t\t\t\t\t\t\t\t\t<img decoding=\"async\" width=\"960\" height=\"291\" src=\"https:\/\/www.mloc1080.be\/wp\/wp-content\/uploads\/2025\/01\/Design-sans-titre-2025-01-09T153426.886-1024x310.png\" class=\"attachment-large size-large wp-image-3844\" alt=\"\" srcset=\"https:\/\/www.mloc1080.be\/wp\/wp-content\/uploads\/2025\/01\/Design-sans-titre-2025-01-09T153426.886-1024x310.png 1024w, https:\/\/www.mloc1080.be\/wp\/wp-content\/uploads\/2025\/01\/Design-sans-titre-2025-01-09T153426.886-300x91.png 300w, https:\/\/www.mloc1080.be\/wp\/wp-content\/uploads\/2025\/01\/Design-sans-titre-2025-01-09T153426.886-768x232.png 768w, https:\/\/www.mloc1080.be\/wp\/wp-content\/uploads\/2025\/01\/Design-sans-titre-2025-01-09T153426.886-1536x465.png 1536w, https:\/\/www.mloc1080.be\/wp\/wp-content\/uploads\/2025\/01\/Design-sans-titre-2025-01-09T153426.886-1140x345.png 1140w, https:\/\/www.mloc1080.be\/wp\/wp-content\/uploads\/2025\/01\/Design-sans-titre-2025-01-09T153426.886.png 1920w\" sizes=\"(max-width: 960px) 100vw, 960px\" \/>\t\t\t\t\t\t\t\t\t\t\t\t\t\t\t<\/div>\n\t\t\t\t<\/div>\n\t\t\t\t\t<\/div>\n\t\t<\/div>\n\t\t\t\t\t<\/div>\n\t\t<\/section>\n\t\t\t\t<\/div>\n\t\t","protected":false},"excerpt":{"rendered":"<p>Contrat de r\u00e9novation urbaine n\u00b06 \u00ab Autour de Simonis \u00bb : axe \u00ab chercheur d\u2019emploi \u00bb Dans le cadre du CRU n\u00b06, la Mission Locale de Molenbeek et le Service Emploi de Koekelberg, avec le soutien conjoint des autorit\u00e9s communales, d\u00e9ploient depuis 2023 le projet \u00ab&nbsp;MoKoLab&nbsp;\u00bb, qui vise \u00e0 d\u00e9finir et \u00e0 exp\u00e9rimenter un m\u00e9canisme soutenant&nbsp;le retour \u00e0 l\u2019emploi des personnes qui en sont durablement \u00e9loign\u00e9es. Nous avons jusqu\u2019\u00e0 fin 2025 pour proposer et exp\u00e9rimenter des actions facilitant ce retour \u00e0 l\u2019emploi, en vue de p\u00e9renniser ensuite le dispositif sur le territoire. \u00a0 Quelle m\u00e9thode ? Apr\u00e8s avoir analys\u00e9 les besoins, en concertation avec les acteurs locaux et plusieurs groupes de chercheurs d\u2019emploi, nous avons d\u00e9gag\u00e9 4 axes prioritaires de travail pour notre futur m\u00e9canisme : l\u2019ouverture d\u2019un lieu multi-services, le d\u00e9ploiement de services en sant\u00e9 mentale, la cr\u00e9ation de passerelles avec les employeurs, et le d\u00e9veloppement de solutions pour la garde des enfants. Ces services de soutien \u00e0 la recherche d\u2019emploi ont vocation \u00e0 s\u2019articuler avec des opportunit\u00e9s concr\u00e8tes de retour \u00e0 l\u2019emploi, gr\u00e2ce \u00e0 des activit\u00e9s utiles pour le territoire. O\u00f9 en est le projet ? Afin d\u2019affiner nos hypoth\u00e8ses et de poser des bases solides pour notre futur m\u00e9canisme, nous avons d\u00e9j\u00e0 commenc\u00e9 \u00e0 d\u00e9ployer des activit\u00e9s : Ateliers d\u2019information autour de l\u2019emploi, pour le public d\u2019ASBL hors de l\u2019ISP ; Lancement d\u2019un r\u00e9seau local intersectoriel, autour des questions d\u2019acc\u00e8s \u00e0 l\u2019emploi : MoKoLab se veut \u00eatre \u00e9galement un soutien pour les acteurs existants, en plus de faire \u00e9merger de nouveaux services pour le public. N\u2019h\u00e9sitez pas \u00e0 nous \u00e9crire pour en savoir davantage et rejoindre le r\u00e9seau ! La premi\u00e8re rencontre a eu lieu le 04\/12\/2024, avec pour th\u00e8me \u00ab\u00a0comment mieux se conna\u00eetre entre acteurs locaux ?\u00a0\u00bb. Vous retrouverez ici le r\u00e9capitulatif de la 1\u00e8re rencontre. La deuxi\u00e8me rencontre a eu lieu le 12\/03\/2025, avec pour th\u00e8me \u00ab comment se connecter aux employeurs ? \u00bb. Vous trouverez ici le r\u00e9capitulatif de ces \u00e9changes et les pistes de solutions identifi\u00e9es.Vous trouverez ici le r\u00e9capitulatif de ces \u00e9changes et les pistes de solutions identifi\u00e9es.\u00a0 Nous continuons d\u2019affiner nos hypoth\u00e8ses finales au fil de ces tests et d\u2019autres \u00e0 venir\u00a0: contactez-nous si vous souhaitez en savoir davantage ou rejoindre l\u2019aventure\u00a0! Anna Montagutelli, gestionnaire du projet MoKoLab : amontagutelli@mloc1080.be \/ +32 (0) 499 96 34 06 La Mission Locale de Molenbeek est ouverte du lundi au vendredi de 08 h 30 \u00e0 12 h 30 et 13 h 30 \u00e0 16 h 30 Contactez-nous info@mloc1080.be Appelez-nous +32 2 421 68 60 Trouvez-nous Boulevard L\u00e9opold II, 101-103 1080 Molenbeek-Saint-Jean Facebook-f Instagram Linkedin<\/p>\n","protected":false},"author":2,"featured_media":0,"parent":0,"menu_order":0,"comment_status":"closed","ping_status":"closed","template":"","meta":{"footnotes":""},"class_list":["post-3416","page","type-page","status-publish","hentry"],"yoast_head":"<!-- This site is optimized with the Yoast SEO plugin v27.5 - https:\/\/yoast.com\/product\/yoast-seo-wordpress\/ -->\n<title>Projet &quot;MoKoLab&quot; - Mission Locale de Molenbeek<\/title>\n<meta name=\"robots\" content=\"index, follow, max-snippet:-1, max-image-preview:large, max-video-preview:-1\" \/>\n<link rel=\"canonical\" href=\"https:\/\/www.mloc1080.be\/wp\/projet-mokolab\/\" \/>\n<meta property=\"og:locale\" content=\"fr_FR\" \/>\n<meta property=\"og:type\" content=\"article\" \/>\n<meta property=\"og:title\" content=\"Projet &quot;MoKoLab&quot; - Mission Locale de Molenbeek\" \/>\n<meta property=\"og:description\" content=\"Contrat de r\u00e9novation urbaine n\u00b06 \u00ab Autour de Simonis \u00bb : axe \u00ab chercheur d\u2019emploi \u00bb Dans le cadre du CRU n\u00b06, la Mission Locale de Molenbeek et le Service Emploi de Koekelberg, avec le soutien conjoint des autorit\u00e9s communales, d\u00e9ploient depuis 2023 le projet \u00ab&nbsp;MoKoLab&nbsp;\u00bb, qui vise \u00e0 d\u00e9finir et \u00e0 exp\u00e9rimenter un m\u00e9canisme soutenant&nbsp;le retour \u00e0 l\u2019emploi des personnes qui en sont durablement \u00e9loign\u00e9es. Nous avons jusqu\u2019\u00e0 fin 2025 pour proposer et exp\u00e9rimenter des actions facilitant ce retour \u00e0 l\u2019emploi, en vue de p\u00e9renniser ensuite le dispositif sur le territoire. \u00a0 Quelle m\u00e9thode ? Apr\u00e8s avoir analys\u00e9 les besoins, en concertation avec les acteurs locaux et plusieurs groupes de chercheurs d\u2019emploi, nous avons d\u00e9gag\u00e9 4 axes prioritaires de travail pour notre futur m\u00e9canisme : l\u2019ouverture d\u2019un lieu multi-services, le d\u00e9ploiement de services en sant\u00e9 mentale, la cr\u00e9ation de passerelles avec les employeurs, et le d\u00e9veloppement de solutions pour la garde des enfants. Ces services de soutien \u00e0 la recherche d\u2019emploi ont vocation \u00e0 s\u2019articuler avec des opportunit\u00e9s concr\u00e8tes de retour \u00e0 l\u2019emploi, gr\u00e2ce \u00e0 des activit\u00e9s utiles pour le territoire. O\u00f9 en est le projet ? Afin d\u2019affiner nos hypoth\u00e8ses et de poser des bases solides pour notre futur m\u00e9canisme, nous avons d\u00e9j\u00e0 commenc\u00e9 \u00e0 d\u00e9ployer des activit\u00e9s : Ateliers d\u2019information autour de l\u2019emploi, pour le public d\u2019ASBL hors de l\u2019ISP ; Lancement d\u2019un r\u00e9seau local intersectoriel, autour des questions d\u2019acc\u00e8s \u00e0 l\u2019emploi : MoKoLab se veut \u00eatre \u00e9galement un soutien pour les acteurs existants, en plus de faire \u00e9merger de nouveaux services pour le public. N\u2019h\u00e9sitez pas \u00e0 nous \u00e9crire pour en savoir davantage et rejoindre le r\u00e9seau ! La premi\u00e8re rencontre a eu lieu le 04\/12\/2024, avec pour th\u00e8me \u00ab\u00a0comment mieux se conna\u00eetre entre acteurs locaux ?\u00a0\u00bb. Vous retrouverez ici le r\u00e9capitulatif de la 1\u00e8re rencontre. La deuxi\u00e8me rencontre a eu lieu le 12\/03\/2025, avec pour th\u00e8me \u00ab comment se connecter aux employeurs ? \u00bb. Vous trouverez ici le r\u00e9capitulatif de ces \u00e9changes et les pistes de solutions identifi\u00e9es.Vous trouverez ici le r\u00e9capitulatif de ces \u00e9changes et les pistes de solutions identifi\u00e9es.\u00a0 Nous continuons d\u2019affiner nos hypoth\u00e8ses finales au fil de ces tests et d\u2019autres \u00e0 venir\u00a0: contactez-nous si vous souhaitez en savoir davantage ou rejoindre l\u2019aventure\u00a0! Anna Montagutelli, gestionnaire du projet MoKoLab : amontagutelli@mloc1080.be \/ +32 (0) 499 96 34 06 La Mission Locale de Molenbeek est ouverte du lundi au vendredi de 08 h 30 \u00e0 12 h 30 et 13 h 30 \u00e0 16 h 30 Contactez-nous info@mloc1080.be Appelez-nous +32 2 421 68 60 Trouvez-nous Boulevard L\u00e9opold II, 101-103 1080 Molenbeek-Saint-Jean Facebook-f Instagram Linkedin\" \/>\n<meta property=\"og:url\" content=\"https:\/\/www.mloc1080.be\/wp\/projet-mokolab\/\" \/>\n<meta property=\"og:site_name\" content=\"Mission Locale de Molenbeek\" \/>\n<meta property=\"article:publisher\" content=\"https:\/\/www.facebook.com\/mloc1080?fref=ts\" \/>\n<meta property=\"article:modified_time\" content=\"2025-03-27T16:01:24+00:00\" \/>\n<meta property=\"og:image\" content=\"https:\/\/www.mloc1080.be\/wp\/wp-content\/uploads\/2025\/01\/Fichier-2.png\" \/>\n\t<meta property=\"og:image:width\" content=\"824\" \/>\n\t<meta property=\"og:image:height\" content=\"134\" \/>\n\t<meta property=\"og:image:type\" content=\"image\/png\" \/>\n<meta name=\"twitter:card\" content=\"summary_large_image\" \/>\n<meta name=\"twitter:label1\" content=\"Dur\u00e9e de lecture estim\u00e9e\" \/>\n\t<meta name=\"twitter:data1\" content=\"3 minutes\" \/>\n<script type=\"application\/ld+json\" class=\"yoast-schema-graph\">{\"@context\":\"https:\\\/\\\/schema.org\",\"@graph\":[{\"@type\":\"WebPage\",\"@id\":\"https:\\\/\\\/www.mloc1080.be\\\/wp\\\/projet-mokolab\\\/\",\"url\":\"https:\\\/\\\/www.mloc1080.be\\\/wp\\\/projet-mokolab\\\/\",\"name\":\"Projet \\\"MoKoLab\\\" - Mission Locale de Molenbeek\",\"isPartOf\":{\"@id\":\"https:\\\/\\\/www.mloc1080.be\\\/wp\\\/#website\"},\"primaryImageOfPage\":{\"@id\":\"https:\\\/\\\/www.mloc1080.be\\\/wp\\\/projet-mokolab\\\/#primaryimage\"},\"image\":{\"@id\":\"https:\\\/\\\/www.mloc1080.be\\\/wp\\\/projet-mokolab\\\/#primaryimage\"},\"thumbnailUrl\":\"https:\\\/\\\/www.mloc1080.be\\\/wp\\\/wp-content\\\/uploads\\\/2025\\\/01\\\/Fichier-2.png\",\"datePublished\":\"2024-03-22T16:42:38+00:00\",\"dateModified\":\"2025-03-27T16:01:24+00:00\",\"breadcrumb\":{\"@id\":\"https:\\\/\\\/www.mloc1080.be\\\/wp\\\/projet-mokolab\\\/#breadcrumb\"},\"inLanguage\":\"fr-FR\",\"potentialAction\":[{\"@type\":\"ReadAction\",\"target\":[\"https:\\\/\\\/www.mloc1080.be\\\/wp\\\/projet-mokolab\\\/\"]}]},{\"@type\":\"ImageObject\",\"inLanguage\":\"fr-FR\",\"@id\":\"https:\\\/\\\/www.mloc1080.be\\\/wp\\\/projet-mokolab\\\/#primaryimage\",\"url\":\"https:\\\/\\\/www.mloc1080.be\\\/wp\\\/wp-content\\\/uploads\\\/2025\\\/01\\\/Fichier-2.png\",\"contentUrl\":\"https:\\\/\\\/www.mloc1080.be\\\/wp\\\/wp-content\\\/uploads\\\/2025\\\/01\\\/Fichier-2.png\",\"width\":824,\"height\":134},{\"@type\":\"BreadcrumbList\",\"@id\":\"https:\\\/\\\/www.mloc1080.be\\\/wp\\\/projet-mokolab\\\/#breadcrumb\",\"itemListElement\":[{\"@type\":\"ListItem\",\"position\":1,\"name\":\"Accueil\",\"item\":\"https:\\\/\\\/www.mloc1080.be\\\/wp\\\/\"},{\"@type\":\"ListItem\",\"position\":2,\"name\":\"Projet \u00ab\u00a0MoKoLab\u00a0\u00bb\"}]},{\"@type\":\"WebSite\",\"@id\":\"https:\\\/\\\/www.mloc1080.be\\\/wp\\\/#website\",\"url\":\"https:\\\/\\\/www.mloc1080.be\\\/wp\\\/\",\"name\":\"Mission Locale de Molenbeek\",\"description\":\"\",\"publisher\":{\"@id\":\"https:\\\/\\\/www.mloc1080.be\\\/wp\\\/#organization\"},\"alternateName\":\"Mission Locale de Molenbeek\",\"potentialAction\":[{\"@type\":\"SearchAction\",\"target\":{\"@type\":\"EntryPoint\",\"urlTemplate\":\"https:\\\/\\\/www.mloc1080.be\\\/wp\\\/?s={search_term_string}\"},\"query-input\":{\"@type\":\"PropertyValueSpecification\",\"valueRequired\":true,\"valueName\":\"search_term_string\"}}],\"inLanguage\":\"fr-FR\"},{\"@type\":\"Organization\",\"@id\":\"https:\\\/\\\/www.mloc1080.be\\\/wp\\\/#organization\",\"name\":\"Mission Locale de Molenbeek\",\"url\":\"https:\\\/\\\/www.mloc1080.be\\\/wp\\\/\",\"logo\":{\"@type\":\"ImageObject\",\"inLanguage\":\"fr-FR\",\"@id\":\"https:\\\/\\\/www.mloc1080.be\\\/wp\\\/#\\\/schema\\\/logo\\\/image\\\/\",\"url\":\"https:\\\/\\\/www.mloc1080.be\\\/wp\\\/wp-content\\\/uploads\\\/2021\\\/12\\\/mission_locale_molenbeek_logo.png\",\"contentUrl\":\"https:\\\/\\\/www.mloc1080.be\\\/wp\\\/wp-content\\\/uploads\\\/2021\\\/12\\\/mission_locale_molenbeek_logo.png\",\"width\":2053,\"height\":1979,\"caption\":\"Mission Locale de Molenbeek\"},\"image\":{\"@id\":\"https:\\\/\\\/www.mloc1080.be\\\/wp\\\/#\\\/schema\\\/logo\\\/image\\\/\"},\"sameAs\":[\"https:\\\/\\\/www.facebook.com\\\/mloc1080?fref=ts\",\"https:\\\/\\\/www.instagram.com\\\/missionlocaledemolenbeek\\\/\",\"https:\\\/\\\/www.youtube.com\\\/channel\\\/UCNZlaLCYrkTXl9E1N439apA\",\"https:\\\/\\\/www.linkedin.com\\\/company\\\/mission-locale-de-molenbeek-molenbeek-formation\\\/posts\\\/?feedView=all&viewAsMember=true\"]}]}<\/script>\n<!-- \/ Yoast SEO plugin. -->","yoast_head_json":{"title":"Projet \"MoKoLab\" - Mission Locale de Molenbeek","robots":{"index":"index","follow":"follow","max-snippet":"max-snippet:-1","max-image-preview":"max-image-preview:large","max-video-preview":"max-video-preview:-1"},"canonical":"https:\/\/www.mloc1080.be\/wp\/projet-mokolab\/","og_locale":"fr_FR","og_type":"article","og_title":"Projet \"MoKoLab\" - Mission Locale de Molenbeek","og_description":"Contrat de r\u00e9novation urbaine n\u00b06 \u00ab Autour de Simonis \u00bb : axe \u00ab chercheur d\u2019emploi \u00bb Dans le cadre du CRU n\u00b06, la Mission Locale de Molenbeek et le Service Emploi de Koekelberg, avec le soutien conjoint des autorit\u00e9s communales, d\u00e9ploient depuis 2023 le projet \u00ab&nbsp;MoKoLab&nbsp;\u00bb, qui vise \u00e0 d\u00e9finir et \u00e0 exp\u00e9rimenter un m\u00e9canisme soutenant&nbsp;le retour \u00e0 l\u2019emploi des personnes qui en sont durablement \u00e9loign\u00e9es. Nous avons jusqu\u2019\u00e0 fin 2025 pour proposer et exp\u00e9rimenter des actions facilitant ce retour \u00e0 l\u2019emploi, en vue de p\u00e9renniser ensuite le dispositif sur le territoire. \u00a0 Quelle m\u00e9thode ? Apr\u00e8s avoir analys\u00e9 les besoins, en concertation avec les acteurs locaux et plusieurs groupes de chercheurs d\u2019emploi, nous avons d\u00e9gag\u00e9 4 axes prioritaires de travail pour notre futur m\u00e9canisme : l\u2019ouverture d\u2019un lieu multi-services, le d\u00e9ploiement de services en sant\u00e9 mentale, la cr\u00e9ation de passerelles avec les employeurs, et le d\u00e9veloppement de solutions pour la garde des enfants. Ces services de soutien \u00e0 la recherche d\u2019emploi ont vocation \u00e0 s\u2019articuler avec des opportunit\u00e9s concr\u00e8tes de retour \u00e0 l\u2019emploi, gr\u00e2ce \u00e0 des activit\u00e9s utiles pour le territoire. O\u00f9 en est le projet ? Afin d\u2019affiner nos hypoth\u00e8ses et de poser des bases solides pour notre futur m\u00e9canisme, nous avons d\u00e9j\u00e0 commenc\u00e9 \u00e0 d\u00e9ployer des activit\u00e9s : Ateliers d\u2019information autour de l\u2019emploi, pour le public d\u2019ASBL hors de l\u2019ISP ; Lancement d\u2019un r\u00e9seau local intersectoriel, autour des questions d\u2019acc\u00e8s \u00e0 l\u2019emploi : MoKoLab se veut \u00eatre \u00e9galement un soutien pour les acteurs existants, en plus de faire \u00e9merger de nouveaux services pour le public. N\u2019h\u00e9sitez pas \u00e0 nous \u00e9crire pour en savoir davantage et rejoindre le r\u00e9seau ! La premi\u00e8re rencontre a eu lieu le 04\/12\/2024, avec pour th\u00e8me \u00ab\u00a0comment mieux se conna\u00eetre entre acteurs locaux ?\u00a0\u00bb. Vous retrouverez ici le r\u00e9capitulatif de la 1\u00e8re rencontre. La deuxi\u00e8me rencontre a eu lieu le 12\/03\/2025, avec pour th\u00e8me \u00ab comment se connecter aux employeurs ? \u00bb. Vous trouverez ici le r\u00e9capitulatif de ces \u00e9changes et les pistes de solutions identifi\u00e9es.Vous trouverez ici le r\u00e9capitulatif de ces \u00e9changes et les pistes de solutions identifi\u00e9es.\u00a0 Nous continuons d\u2019affiner nos hypoth\u00e8ses finales au fil de ces tests et d\u2019autres \u00e0 venir\u00a0: contactez-nous si vous souhaitez en savoir davantage ou rejoindre l\u2019aventure\u00a0! Anna Montagutelli, gestionnaire du projet MoKoLab : amontagutelli@mloc1080.be \/ +32 (0) 499 96 34 06 La Mission Locale de Molenbeek est ouverte du lundi au vendredi de 08 h 30 \u00e0 12 h 30 et 13 h 30 \u00e0 16 h 30 Contactez-nous info@mloc1080.be Appelez-nous +32 2 421 68 60 Trouvez-nous Boulevard L\u00e9opold II, 101-103 1080 Molenbeek-Saint-Jean Facebook-f Instagram Linkedin","og_url":"https:\/\/www.mloc1080.be\/wp\/projet-mokolab\/","og_site_name":"Mission Locale de Molenbeek","article_publisher":"https:\/\/www.facebook.com\/mloc1080?fref=ts","article_modified_time":"2025-03-27T16:01:24+00:00","og_image":[{"width":824,"height":134,"url":"https:\/\/www.mloc1080.be\/wp\/wp-content\/uploads\/2025\/01\/Fichier-2.png","type":"image\/png"}],"twitter_card":"summary_large_image","twitter_misc":{"Dur\u00e9e de lecture estim\u00e9e":"3 minutes"},"schema":{"@context":"https:\/\/schema.org","@graph":[{"@type":"WebPage","@id":"https:\/\/www.mloc1080.be\/wp\/projet-mokolab\/","url":"https:\/\/www.mloc1080.be\/wp\/projet-mokolab\/","name":"Projet \"MoKoLab\" - Mission Locale de Molenbeek","isPartOf":{"@id":"https:\/\/www.mloc1080.be\/wp\/#website"},"primaryImageOfPage":{"@id":"https:\/\/www.mloc1080.be\/wp\/projet-mokolab\/#primaryimage"},"image":{"@id":"https:\/\/www.mloc1080.be\/wp\/projet-mokolab\/#primaryimage"},"thumbnailUrl":"https:\/\/www.mloc1080.be\/wp\/wp-content\/uploads\/2025\/01\/Fichier-2.png","datePublished":"2024-03-22T16:42:38+00:00","dateModified":"2025-03-27T16:01:24+00:00","breadcrumb":{"@id":"https:\/\/www.mloc1080.be\/wp\/projet-mokolab\/#breadcrumb"},"inLanguage":"fr-FR","potentialAction":[{"@type":"ReadAction","target":["https:\/\/www.mloc1080.be\/wp\/projet-mokolab\/"]}]},{"@type":"ImageObject","inLanguage":"fr-FR","@id":"https:\/\/www.mloc1080.be\/wp\/projet-mokolab\/#primaryimage","url":"https:\/\/www.mloc1080.be\/wp\/wp-content\/uploads\/2025\/01\/Fichier-2.png","contentUrl":"https:\/\/www.mloc1080.be\/wp\/wp-content\/uploads\/2025\/01\/Fichier-2.png","width":824,"height":134},{"@type":"BreadcrumbList","@id":"https:\/\/www.mloc1080.be\/wp\/projet-mokolab\/#breadcrumb","itemListElement":[{"@type":"ListItem","position":1,"name":"Accueil","item":"https:\/\/www.mloc1080.be\/wp\/"},{"@type":"ListItem","position":2,"name":"Projet \u00ab\u00a0MoKoLab\u00a0\u00bb"}]},{"@type":"WebSite","@id":"https:\/\/www.mloc1080.be\/wp\/#website","url":"https:\/\/www.mloc1080.be\/wp\/","name":"Mission Locale de Molenbeek","description":"","publisher":{"@id":"https:\/\/www.mloc1080.be\/wp\/#organization"},"alternateName":"Mission Locale de Molenbeek","potentialAction":[{"@type":"SearchAction","target":{"@type":"EntryPoint","urlTemplate":"https:\/\/www.mloc1080.be\/wp\/?s={search_term_string}"},"query-input":{"@type":"PropertyValueSpecification","valueRequired":true,"valueName":"search_term_string"}}],"inLanguage":"fr-FR"},{"@type":"Organization","@id":"https:\/\/www.mloc1080.be\/wp\/#organization","name":"Mission Locale de Molenbeek","url":"https:\/\/www.mloc1080.be\/wp\/","logo":{"@type":"ImageObject","inLanguage":"fr-FR","@id":"https:\/\/www.mloc1080.be\/wp\/#\/schema\/logo\/image\/","url":"https:\/\/www.mloc1080.be\/wp\/wp-content\/uploads\/2021\/12\/mission_locale_molenbeek_logo.png","contentUrl":"https:\/\/www.mloc1080.be\/wp\/wp-content\/uploads\/2021\/12\/mission_locale_molenbeek_logo.png","width":2053,"height":1979,"caption":"Mission Locale de Molenbeek"},"image":{"@id":"https:\/\/www.mloc1080.be\/wp\/#\/schema\/logo\/image\/"},"sameAs":["https:\/\/www.facebook.com\/mloc1080?fref=ts","https:\/\/www.instagram.com\/missionlocaledemolenbeek\/","https:\/\/www.youtube.com\/channel\/UCNZlaLCYrkTXl9E1N439apA","https:\/\/www.linkedin.com\/company\/mission-locale-de-molenbeek-molenbeek-formation\/posts\/?feedView=all&viewAsMember=true"]}]}},"_links":{"self":[{"href":"https:\/\/www.mloc1080.be\/wp\/wp-json\/wp\/v2\/pages\/3416","targetHints":{"allow":["GET"]}}],"collection":[{"href":"https:\/\/www.mloc1080.be\/wp\/wp-json\/wp\/v2\/pages"}],"about":[{"href":"https:\/\/www.mloc1080.be\/wp\/wp-json\/wp\/v2\/types\/page"}],"author":[{"embeddable":true,"href":"https:\/\/www.mloc1080.be\/wp\/wp-json\/wp\/v2\/users\/2"}],"replies":[{"embeddable":true,"href":"https:\/\/www.mloc1080.be\/wp\/wp-json\/wp\/v2\/comments?post=3416"}],"version-history":[{"count":43,"href":"https:\/\/www.mloc1080.be\/wp\/wp-json\/wp\/v2\/pages\/3416\/revisions"}],"predecessor-version":[{"id":3929,"href":"https:\/\/www.mloc1080.be\/wp\/wp-json\/wp\/v2\/pages\/3416\/revisions\/3929"}],"wp:attachment":[{"href":"https:\/\/www.mloc1080.be\/wp\/wp-json\/wp\/v2\/media?parent=3416"}],"curies":[{"name":"wp","href":"https:\/\/api.w.org\/{rel}","templated":true}]}}