{"version":"1.0","provider_name":"Mission Locale de Molenbeek","provider_url":"https:\/\/www.mloc1080.be\/wp","author_name":"Margaux Plasman","author_url":"https:\/\/www.mloc1080.be\/wp\/author\/margaux\/","title":"D\u00e9couverte des m\u00e9tiers de la beaut\u00e9 - Mission Locale de Molenbeek","type":"rich","width":600,"height":338,"html":"<blockquote class=\"wp-embedded-content\" data-secret=\"XgQ49yuwsq\"><a href=\"https:\/\/www.mloc1080.be\/wp\/decouverte-des-metiers-de-la-beaute\/\">D\u00e9couverte des m\u00e9tiers de la beaut\u00e9<\/a><\/blockquote><iframe sandbox=\"allow-scripts\" security=\"restricted\" src=\"https:\/\/www.mloc1080.be\/wp\/decouverte-des-metiers-de-la-beaute\/embed\/#?secret=XgQ49yuwsq\" width=\"600\" height=\"338\" title=\"\u00ab\u00a0D\u00e9couverte des m\u00e9tiers de la beaut\u00e9\u00a0\u00bb &#8212; Mission Locale de Molenbeek\" data-secret=\"XgQ49yuwsq\" frameborder=\"0\" marginwidth=\"0\" marginheight=\"0\" scrolling=\"no\" class=\"wp-embedded-content\"><\/iframe><script type=\"text\/javascript\">\n\/* <![CDATA[ *\/\n\/*! This file is auto-generated *\/\n!function(d,l){\"use strict\";l.querySelector&&d.addEventListener&&\"undefined\"!=typeof URL&&(d.wp=d.wp||{},d.wp.receiveEmbedMessage||(d.wp.receiveEmbedMessage=function(e){var t=e.data;if((t||t.secret||t.message||t.value)&&!\/[^a-zA-Z0-9]\/.test(t.secret)){for(var s,r,n,a=l.querySelectorAll('iframe[data-secret=\"'+t.secret+'\"]'),o=l.querySelectorAll('blockquote[data-secret=\"'+t.secret+'\"]'),c=new RegExp(\"^https?:$\",\"i\"),i=0;i<o.length;i++)o[i].style.display=\"none\";for(i=0;i<a.length;i++)s=a[i],e.source===s.contentWindow&&(s.removeAttribute(\"style\"),\"height\"===t.message?(1e3<(r=parseInt(t.value,10))?r=1e3:~~r<200&&(r=200),s.height=r):\"link\"===t.message&&(r=new URL(s.getAttribute(\"src\")),n=new URL(t.value),c.test(n.protocol))&&n.host===r.host&&l.activeElement===s&&(d.top.location.href=t.value))}},d.addEventListener(\"message\",d.wp.receiveEmbedMessage,!1),l.addEventListener(\"DOMContentLoaded\",function(){for(var e,t,s=l.querySelectorAll(\"iframe.wp-embedded-content\"),r=0;r<s.length;r++)(t=(e=s[r]).getAttribute(\"data-secret\"))||(t=Math.random().toString(36).substring(2,12),e.src+=\"#?secret=\"+t,e.setAttribute(\"data-secret\",t)),e.contentWindow.postMessage({message:\"ready\",secret:t},\"*\")},!1)))}(window,document);\n\/\/# sourceURL=https:\/\/www.mloc1080.be\/wp\/wp-includes\/js\/wp-embed.min.js\n\/* ]]> *\/\n<\/script>\n","thumbnail_url":"https:\/\/www.mloc1080.be\/wp\/wp-content\/uploads\/2023\/05\/Design-sans-titre-52.png","thumbnail_width":940,"thumbnail_height":464,"description":"Int\u00e9ress\u00e9 par les m\u00e9tiers de l\u2019esth\u00e9tique et de la coiffure ? Venez d\u00e9couvrir avec nous les diff\u00e9rentes facettes des m\u00e9tiers ! Au programme : ateliers pratiques en esth\u00e9tique, coiffure et soin du corps, rencontres avec des professionnels du secteur, jeux de r\u00f4le et mises en condition. R\u00e9fl\u00e9chissez en groupe sur vos motivations et vos forces. Apprenez ainsi \u00e0 mieux vous connaitre. \u00c0 l\u2019issue de ce mois de d\u00e9couverte, vous serez pr\u00e9par\u00e9 au parcours de deux ans de formation qualifiante et certifiante en esth\u00e9tique et\/ou coiffure. INFORMATIONS PRATIQUES Conditions d&rsquo;admission \u00catre chercheur d\u2019emploi inscrit chez Actiris \u00catre domicili\u00e9 en r\u00e9gion bruxelloise \u00catre \u00e2g\u00e9 d\u2019au moins 18 ans Avoir au maximum le CESS Savoir lire, \u00e9crire et comprendre le fran\u00e7ais Avoir une bonne condition physique&nbsp; Avoir un r\u00e9el int\u00e9r\u00eat pour le bien-\u00eatre aux personnes et les m\u00e9tiers de la beaut\u00e9&nbsp; S\u00e9ances d&rsquo;information \u00e0 la Mission locale de Molenbeek 12 mai 2026 \u00e0 14h 19 mai \u00e0 14h Dur\u00e9e de la d\u00e9couverte m\u00e9tier \u00e0 la Mission locale de Molenbeek D\u00e9couverte m\u00e9tiers de la beaut\u00e9 : du 8 au 26 juin (3 semaines) et du 24 au 28 ao\u00fbt (1 semaine)&nbsp; Formation longue et qualifiante en promotion sociale (soit coiffure, soit esth\u00e9tique) \u00e0 l&rsquo;Institut Jeanne Toussaint : rentr\u00e9e en septembre 2026 (2 ans) Contact &amp; inscription 0499 \/ 96 34 07 Cette formation a un co\u00fbt total de 42.113,19\u20ac pour laquelle nous avons re\u00e7u une aide du FSE de 16.845,28\u20ac"}